{"id":1991,"date":"2021-12-07T15:07:07","date_gmt":"2021-12-07T15:07:07","guid":{"rendered":"https:\/\/dev.belodonte.es\/periodoncia\/"},"modified":"2024-01-23T14:35:36","modified_gmt":"2024-01-23T14:35:36","slug":"periodoncia","status":"publish","type":"page","link":"https:\/\/www.belodonte.es\/ca\/periodoncia\/","title":{"rendered":"Period\u00f2ncia Barcelona"},"content":{"rendered":"\t\t<div data-elementor-type=\"wp-page\" data-elementor-id=\"1991\" class=\"elementor elementor-1991 elementor-1284\">\n\t\t\t\t\t\t<section class=\"elementor-section elementor-top-section elementor-element elementor-element-4cd5267 elementor-section-full_width pagina-intro elementor-section-height-default elementor-section-height-default\" data-id=\"4cd5267\" data-element_type=\"section\" data-e-type=\"section\">\n\t\t\t\t\t\t<div class=\"elementor-container elementor-column-gap-default\">\n\t\t\t\t\t<div class=\"elementor-column elementor-col-50 elementor-top-column elementor-element elementor-element-d014903 text-col\" data-id=\"d014903\" data-element_type=\"column\" data-e-type=\"column\">\n\t\t\t<div class=\"elementor-widget-wrap elementor-element-populated\">\n\t\t\t\t\t\t<div class=\"elementor-element elementor-element-8706fc3 texto elementor-widget elementor-widget-text-editor\" data-id=\"8706fc3\" data-element_type=\"widget\" data-e-type=\"widget\" data-widget_type=\"text-editor.default\">\n\t\t\t\t<div class=\"elementor-widget-container\">\n\t\t\t\t\t\t\t\t\t<h1>Period\u00f2ncia Barcelona<\/h1>\r\nLa teva millor opci\u00f3 de <strong>period\u00f2ncia a Barcelona<\/strong> la tens a Cl\u00ednica Belodonte. L&#8217;experi\u00e8ncia i professionalitat de tot el nostre equip \u00e9s una garantia de qualitat i seguretat per a la teva salut bucodental.\r\n\r\nDavant un problema de genives s&#8217;ha d&#8217;actuar immediatament. Sol comen\u00e7ar de manera silenciosa, per la qual cosa \u00e9s important estar atent als petits s\u00edmptomes per a acudir a l&#8217;especialista com m\u00e9s aviat millor.\t\t\t\t\t\t\t\t<\/div>\n\t\t\t\t<\/div>\n\t\t\t\t<section class=\"elementor-section elementor-inner-section elementor-element elementor-element-e642676 pedir-cita-intro elementor-section-boxed elementor-section-height-default elementor-section-height-default\" data-id=\"e642676\" data-element_type=\"section\" data-e-type=\"section\">\n\t\t\t\t\t\t<div class=\"elementor-container elementor-column-gap-default\">\n\t\t\t\t\t<div class=\"elementor-column elementor-col-50 elementor-inner-column elementor-element elementor-element-5f88f07 cita-text-col\" data-id=\"5f88f07\" data-element_type=\"column\" data-e-type=\"column\">\n\t\t\t<div class=\"elementor-widget-wrap elementor-element-populated\">\n\t\t\t\t\t\t<div class=\"elementor-element elementor-element-450695f elementor-widget elementor-widget-text-editor\" data-id=\"450695f\" data-element_type=\"widget\" data-e-type=\"widget\" data-widget_type=\"text-editor.default\">\n\t\t\t\t<div class=\"elementor-widget-container\">\n\t\t\t\t\t\t\t\t\t<h2>\u00bfVols demanar informaci\u00f3 o cita?<\/h2>\t\t\t\t\t\t\t\t<\/div>\n\t\t\t\t<\/div>\n\t\t\t\t\t<\/div>\n\t\t<\/div>\n\t\t\t\t<div class=\"elementor-column elementor-col-50 elementor-inner-column elementor-element elementor-element-b13fcb5 btn-col\" data-id=\"b13fcb5\" data-element_type=\"column\" data-e-type=\"column\">\n\t\t\t<div class=\"elementor-widget-wrap elementor-element-populated\">\n\t\t\t\t\t\t<div class=\"elementor-element elementor-element-020c47e btn elementor-widget elementor-widget-button\" data-id=\"020c47e\" data-element_type=\"widget\" data-e-type=\"widget\" data-widget_type=\"button.default\">\n\t\t\t\t<div class=\"elementor-widget-container\">\n\t\t\t\t\t\t\t\t\t<div class=\"elementor-button-wrapper\">\n\t\t\t\t\t<a class=\"elementor-button elementor-button-link elementor-size-sm\" href=\"https:\/\/www.belodonte.es\/ca\/demanar-cita\/\">\n\t\t\t\t\t\t<span class=\"elementor-button-content-wrapper\">\n\t\t\t\t\t\t\t\t\t<span class=\"elementor-button-text\">Demanar info \/ cita<\/span>\n\t\t\t\t\t<\/span>\n\t\t\t\t\t<\/a>\n\t\t\t\t<\/div>\n\t\t\t\t\t\t\t\t<\/div>\n\t\t\t\t<\/div>\n\t\t\t\t\t<\/div>\n\t\t<\/div>\n\t\t\t\t\t<\/div>\n\t\t<\/section>\n\t\t\t\t\t<\/div>\n\t\t<\/div>\n\t\t\t\t<div class=\"elementor-column elementor-col-50 elementor-top-column elementor-element elementor-element-6b6855b img-col\" data-id=\"6b6855b\" data-element_type=\"column\" data-e-type=\"column\">\n\t\t\t<div class=\"elementor-widget-wrap elementor-element-populated\">\n\t\t\t\t\t\t<div class=\"elementor-element elementor-element-3abdf2a elementor-widget elementor-widget-image\" data-id=\"3abdf2a\" data-element_type=\"widget\" data-e-type=\"widget\" data-widget_type=\"image.default\">\n\t\t\t\t<div class=\"elementor-widget-container\">\n\t\t\t\t\t\t\t\t\t\t\t\t\t\t\t<img fetchpriority=\"high\" decoding=\"async\" width=\"1024\" height=\"683\" src=\"https:\/\/www.belodonte.es\/wp-content\/uploads\/2021\/12\/Periodoncia-Barcelona-1-web-1024x683.jpg\" class=\"attachment-large size-large wp-image-2217\" alt=\"\" srcset=\"https:\/\/www.belodonte.es\/wp-content\/uploads\/2021\/12\/Periodoncia-Barcelona-1-web-1024x683.jpg 1024w, https:\/\/www.belodonte.es\/wp-content\/uploads\/2021\/12\/Periodoncia-Barcelona-1-web-300x200.jpg 300w, https:\/\/www.belodonte.es\/wp-content\/uploads\/2021\/12\/Periodoncia-Barcelona-1-web-768x512.jpg 768w, https:\/\/www.belodonte.es\/wp-content\/uploads\/2021\/12\/Periodoncia-Barcelona-1-web-1536x1024.jpg 1536w, https:\/\/www.belodonte.es\/wp-content\/uploads\/2021\/12\/Periodoncia-Barcelona-1-web.jpg 2001w\" sizes=\"(max-width: 1024px) 100vw, 1024px\" \/>\t\t\t\t\t\t\t\t\t\t\t\t\t\t\t<\/div>\n\t\t\t\t<\/div>\n\t\t\t\t\t<\/div>\n\t\t<\/div>\n\t\t\t\t\t<\/div>\n\t\t<\/section>\n\t\t\t\t<section class=\"elementor-section elementor-top-section elementor-element elementor-element-2912aee elementor-section-full_width general-explicacion media-left has-back-margin-right line-up max-content elementor-section-height-default elementor-section-height-default\" data-id=\"2912aee\" data-element_type=\"section\" data-e-type=\"section\">\n\t\t\t\t\t\t<div class=\"elementor-container elementor-column-gap-default\">\n\t\t\t\t\t<div class=\"elementor-column elementor-col-50 elementor-top-column elementor-element elementor-element-d053458 first-col img-col\" data-id=\"d053458\" data-element_type=\"column\" data-e-type=\"column\">\n\t\t\t<div class=\"elementor-widget-wrap elementor-element-populated\">\n\t\t\t\t\t\t<div class=\"elementor-element elementor-element-83750ef elementor-widget elementor-widget-image\" data-id=\"83750ef\" data-element_type=\"widget\" data-e-type=\"widget\" data-widget_type=\"image.default\">\n\t\t\t\t<div class=\"elementor-widget-container\">\n\t\t\t\t\t\t\t\t\t\t\t\t\t\t\t<img decoding=\"async\" width=\"650\" height=\"467\" src=\"https:\/\/www.belodonte.es\/wp-content\/uploads\/2021\/12\/Periodoncia-\u00bfque\u0301-es_-2-web.jpg\" class=\"attachment-large size-large wp-image-2219\" alt=\"\" srcset=\"https:\/\/www.belodonte.es\/wp-content\/uploads\/2021\/12\/Periodoncia-\u00bfque\u0301-es_-2-web.jpg 650w, https:\/\/www.belodonte.es\/wp-content\/uploads\/2021\/12\/Periodoncia-\u00bfque\u0301-es_-2-web-300x216.jpg 300w\" sizes=\"(max-width: 650px) 100vw, 650px\" \/>\t\t\t\t\t\t\t\t\t\t\t\t\t\t\t<\/div>\n\t\t\t\t<\/div>\n\t\t\t\t\t<\/div>\n\t\t<\/div>\n\t\t\t\t<div class=\"elementor-column elementor-col-50 elementor-top-column elementor-element elementor-element-da99091 sec-col text-col\" data-id=\"da99091\" data-element_type=\"column\" data-e-type=\"column\">\n\t\t\t<div class=\"elementor-widget-wrap elementor-element-populated\">\n\t\t\t\t\t\t<div class=\"elementor-element elementor-element-c3aab13 elementor-widget elementor-widget-text-editor\" data-id=\"c3aab13\" data-element_type=\"widget\" data-e-type=\"widget\" data-widget_type=\"text-editor.default\">\n\t\t\t\t<div class=\"elementor-widget-container\">\n\t\t\t\t\t\t\t\t\t<h2>Period\u00f2ncia, qu\u00e8 \u00e9s?<\/h2>\r\nLa <strong>period\u00f2ncia<\/strong> \u00e9s la branca de l&#8217;odontologia que s&#8217;encarrega de tractar i prevenir les malalties de les genives. \u00c9s una especialitat molt important, ja que les genives s\u00f3n les que subjecten les nostres peces dentals i la que li donen una estructura a la nostra boca.\r\n\r\nUna malaltia de genives no tractada pot derivar en p\u00e8rdues dentals i posterior retracci\u00f3 de l&#8217;os de la mand\u00edbula.\r\n\r\nEls s\u00edmptomes inicials dels problemes periodontals solen ser bastant subtils. Per aix\u00f2, \u00e9s important acudir immediatament davant qualsevol signe d&#8217;alarma, aix\u00ed com fer-se revisions peri\u00f2diques.\r\n\r\nEn Cl\u00ednica Belodonte comptem amb un equip de <strong>period\u00f2ncia a Barcelona<\/strong> a la teva disposici\u00f3 per a resoldre qualsevol dubte o problema. La nostra experi\u00e8ncia, avalada per pacients satisfets, est\u00e0 a la teva disposici\u00f3 per a oferir-te el millor tractament per a les teves genives.\t\t\t\t\t\t\t\t<\/div>\n\t\t\t\t<\/div>\n\t\t\t\t\t<\/div>\n\t\t<\/div>\n\t\t\t\t\t<\/div>\n\t\t<\/section>\n\t\t\t\t<section class=\"elementor-section elementor-top-section elementor-element elementor-element-a5aa20c elementor-section-full_width general-bloque-text-media media-right has-back-margin-left max-content elementor-section-height-default elementor-section-height-default\" data-id=\"a5aa20c\" data-element_type=\"section\" data-e-type=\"section\">\n\t\t\t\t\t\t<div class=\"elementor-container elementor-column-gap-default\">\n\t\t\t\t\t<div class=\"elementor-column elementor-col-50 elementor-top-column elementor-element elementor-element-2c6deec sec-col text-col\" data-id=\"2c6deec\" data-element_type=\"column\" data-e-type=\"column\">\n\t\t\t<div class=\"elementor-widget-wrap elementor-element-populated\">\n\t\t\t\t\t\t<div class=\"elementor-element elementor-element-824b1e1 elementor-widget elementor-widget-text-editor\" data-id=\"824b1e1\" data-element_type=\"widget\" data-e-type=\"widget\" data-widget_type=\"text-editor.default\">\n\t\t\t\t<div class=\"elementor-widget-container\">\n\t\t\t\t\t\t\t\t\t<h2>Malalties periodontals<\/h2>\r\nLes malalties periodontals poden comen\u00e7ar amb una simple irritaci\u00f3 o inflamaci\u00f3 de les genives. Sovint, s&#8217;acompanyen de sagnat i sensibilitat.\r\n\r\nSi detectem qualsevol sensaci\u00f3 anormal en les nostres genives, \u00e9s important acudir immediatament al dentista per a revisar qu\u00e8 pot estar passant.\r\n\r\nTractades a temps, les malalties periodontals poden curar-se. No obstant aix\u00f2, si no s&#8217;actua sobre elles, sempre aniran a m\u00e9s fins a acabar destruint el teixit i afectant la subjecci\u00f3 d les dents.\r\n\r\nEls problemes de genives m\u00e9s comunes s\u00f3n la <strong>periodontitis<\/strong> i la <strong>gingivitis<\/strong>. Com a experts en <strong>period\u00f2ncia a Barcelona<\/strong> tractem amb aquestes malalties de manera habitual i oferim la millor opci\u00f3 terap\u00e8utica per a evitar p\u00e8rdues dentals, dolor, mala olor\u2026\r\n\r\n\u00c9s de vital import\u00e0ncia conscienciar-se sobre la necessitat de mantenir una bona salut en les nostres genives. Pregunta&#8217;ns si tens qualsevol dubte.\t\t\t\t\t\t\t\t<\/div>\n\t\t\t\t<\/div>\n\t\t\t\t\t<\/div>\n\t\t<\/div>\n\t\t\t\t<div class=\"elementor-column elementor-col-50 elementor-top-column elementor-element elementor-element-416233d first-col img-col\" data-id=\"416233d\" data-element_type=\"column\" data-e-type=\"column\">\n\t\t\t<div class=\"elementor-widget-wrap elementor-element-populated\">\n\t\t\t\t\t\t<div class=\"elementor-element elementor-element-12db99a elementor-widget elementor-widget-image\" data-id=\"12db99a\" data-element_type=\"widget\" data-e-type=\"widget\" data-widget_type=\"image.default\">\n\t\t\t\t<div class=\"elementor-widget-container\">\n\t\t\t\t\t\t\t\t\t\t\t\t\t\t\t<img decoding=\"async\" width=\"1000\" height=\"667\" src=\"https:\/\/www.belodonte.es\/wp-content\/uploads\/2021\/12\/Enfermedades-periodontales-3-web.jpg\" class=\"attachment-large size-large wp-image-2213\" alt=\"\" srcset=\"https:\/\/www.belodonte.es\/wp-content\/uploads\/2021\/12\/Enfermedades-periodontales-3-web.jpg 1000w, https:\/\/www.belodonte.es\/wp-content\/uploads\/2021\/12\/Enfermedades-periodontales-3-web-300x200.jpg 300w, https:\/\/www.belodonte.es\/wp-content\/uploads\/2021\/12\/Enfermedades-periodontales-3-web-768x512.jpg 768w\" sizes=\"(max-width: 1000px) 100vw, 1000px\" \/>\t\t\t\t\t\t\t\t\t\t\t\t\t\t\t<\/div>\n\t\t\t\t<\/div>\n\t\t\t\t\t<\/div>\n\t\t<\/div>\n\t\t\t\t\t<\/div>\n\t\t<\/section>\n\t\t\t\t<section class=\"elementor-section elementor-top-section elementor-element elementor-element-69a5d25 elementor-section-full_width general-bloque-text-media-v2  elementor-section-height-default elementor-section-height-default\" data-id=\"69a5d25\" data-element_type=\"section\" data-e-type=\"section\">\n\t\t\t\t\t\t<div class=\"elementor-container elementor-column-gap-default\">\n\t\t\t\t\t<div class=\"elementor-column elementor-col-50 elementor-top-column elementor-element elementor-element-9120035 text-col\" data-id=\"9120035\" data-element_type=\"column\" data-e-type=\"column\">\n\t\t\t<div class=\"elementor-widget-wrap elementor-element-populated\">\n\t\t\t\t\t\t<div class=\"elementor-element elementor-element-ac2259c elementor-widget elementor-widget-text-editor\" data-id=\"ac2259c\" data-element_type=\"widget\" data-e-type=\"widget\" data-widget_type=\"text-editor.default\">\n\t\t\t\t<div class=\"elementor-widget-container\">\n\t\t\t\t\t\t\t\t\t<h2>Periodontitis<\/h2>\r\nLa periodontitis \u00e9s una malaltia de les genives danya el teixit tou i pot arribar a destruir l&#8217;os que subjecta les dents.\r\n\r\nAquesta malaltia \u00e9s causada per una infecci\u00f3 bacteriana, que prolifera en la nostra boca fruit d&#8217;una mala higiene dental. Sense tractament, la malaltia avan\u00e7a, estova les genives i acaba per deixar anar les dents.\r\n\r\n\u00c9s una patologia f\u00e0cil de prevenir si es porta una higiene dental escrupolosa, amb raspallats despr\u00e9s dels menjars, \u00fas de fil dental i visites peri\u00f2diques al dentista.\r\n\r\nSi la periodontitis ja ha comen\u00e7at a estendre&#8217;s per les genives pot rebre tractament. \u00c9s important acudir a un dentista expert en period\u00f2ncia per a obtenir els millors resultats i evitar la p\u00e8rdua de dents.\r\n\r\nSi \u00e9s el teu cas, en <strong>Cl\u00ednica Belodonte<\/strong> som experts en period\u00f2ncia a Barcelona i podem ajudar-te.\t\t\t\t\t\t\t\t<\/div>\n\t\t\t\t<\/div>\n\t\t\t\t\t<\/div>\n\t\t<\/div>\n\t\t\t\t<div class=\"elementor-column elementor-col-50 elementor-top-column elementor-element elementor-element-2b469ec img-col\" data-id=\"2b469ec\" data-element_type=\"column\" data-e-type=\"column\">\n\t\t\t<div class=\"elementor-widget-wrap elementor-element-populated\">\n\t\t\t\t\t\t<div class=\"elementor-element elementor-element-0f4b2b1 elementor-widget elementor-widget-image\" data-id=\"0f4b2b1\" data-element_type=\"widget\" data-e-type=\"widget\" data-widget_type=\"image.default\">\n\t\t\t\t<div class=\"elementor-widget-container\">\n\t\t\t\t\t\t\t\t\t\t\t\t\t\t\t<img loading=\"lazy\" decoding=\"async\" width=\"1000\" height=\"750\" src=\"https:\/\/www.belodonte.es\/wp-content\/uploads\/2021\/12\/Periodontitis-4-web.jpg\" class=\"attachment-large size-large wp-image-2221\" alt=\"\" srcset=\"https:\/\/www.belodonte.es\/wp-content\/uploads\/2021\/12\/Periodontitis-4-web.jpg 1000w, https:\/\/www.belodonte.es\/wp-content\/uploads\/2021\/12\/Periodontitis-4-web-300x225.jpg 300w, https:\/\/www.belodonte.es\/wp-content\/uploads\/2021\/12\/Periodontitis-4-web-768x576.jpg 768w\" sizes=\"(max-width: 1000px) 100vw, 1000px\" \/>\t\t\t\t\t\t\t\t\t\t\t\t\t\t\t<\/div>\n\t\t\t\t<\/div>\n\t\t\t\t\t<\/div>\n\t\t<\/div>\n\t\t\t\t\t<\/div>\n\t\t<\/section>\n\t\t\t\t<section class=\"elementor-section elementor-top-section elementor-element elementor-element-0f9e839 elementor-section-full_width general-bloque-text-media-v2 elementor-section-height-default elementor-section-height-default\" data-id=\"0f9e839\" data-element_type=\"section\" data-e-type=\"section\">\n\t\t\t\t\t\t<div class=\"elementor-container elementor-column-gap-default\">\n\t\t\t\t\t<div class=\"elementor-column elementor-col-50 elementor-top-column elementor-element elementor-element-3c5ec7f img-col\" data-id=\"3c5ec7f\" data-element_type=\"column\" data-e-type=\"column\">\n\t\t\t<div class=\"elementor-widget-wrap elementor-element-populated\">\n\t\t\t\t\t\t<div class=\"elementor-element elementor-element-f29ecb8 elementor-widget elementor-widget-image\" data-id=\"f29ecb8\" data-element_type=\"widget\" data-e-type=\"widget\" data-widget_type=\"image.default\">\n\t\t\t\t<div class=\"elementor-widget-container\">\n\t\t\t\t\t\t\t\t\t\t\t\t\t\t\t<img loading=\"lazy\" decoding=\"async\" width=\"1000\" height=\"443\" src=\"https:\/\/www.belodonte.es\/wp-content\/uploads\/2021\/12\/Periodontitis-tratamiento-5-web.jpg\" class=\"attachment-large size-large wp-image-2223\" alt=\"\" srcset=\"https:\/\/www.belodonte.es\/wp-content\/uploads\/2021\/12\/Periodontitis-tratamiento-5-web.jpg 1000w, https:\/\/www.belodonte.es\/wp-content\/uploads\/2021\/12\/Periodontitis-tratamiento-5-web-300x133.jpg 300w, https:\/\/www.belodonte.es\/wp-content\/uploads\/2021\/12\/Periodontitis-tratamiento-5-web-768x340.jpg 768w\" sizes=\"(max-width: 1000px) 100vw, 1000px\" \/>\t\t\t\t\t\t\t\t\t\t\t\t\t\t\t<\/div>\n\t\t\t\t<\/div>\n\t\t\t\t\t<\/div>\n\t\t<\/div>\n\t\t\t\t<div class=\"elementor-column elementor-col-50 elementor-top-column elementor-element elementor-element-eb50224 text-col\" data-id=\"eb50224\" data-element_type=\"column\" data-e-type=\"column\">\n\t\t\t<div class=\"elementor-widget-wrap elementor-element-populated\">\n\t\t\t\t\t\t<div class=\"elementor-element elementor-element-821afb3 elementor-widget elementor-widget-text-editor\" data-id=\"821afb3\" data-element_type=\"widget\" data-e-type=\"widget\" data-widget_type=\"text-editor.default\">\n\t\t\t\t<div class=\"elementor-widget-container\">\n\t\t\t\t\t\t\t\t\t<h2>Periodontitis tractament<\/h2>\r\nEl primer que cal saber \u00e9s que la periodontitis t\u00e9 tractament. Acudir al dentista \u00e9s el primer pas per a controlar aquesta greu infecci\u00f3 de les genives.\r\n\r\nEl tractament de la <strong>peridontitis<\/strong> varia depenent del pacient i de l&#8217;estat de les seves genives en el moment de la visita.\r\n\r\nSi la infecci\u00f3 no est\u00e0 massa estesa es podr\u00e0 rec\u00f3rrer a t\u00e8cniques no quir\u00fargiques, com el consum d&#8217;antibi\u00f2tics espec\u00edfics receptats pel dentista.\r\n\r\nEn tractar-se d&#8217;una infecci\u00f3, la soluci\u00f3 es basa a intentar acabar amb la proliferaci\u00f3 bacteriana i, si \u00e9s necessari, amb les zones afectades.\r\n\r\nEn cas que la periodontitis estigui molt avan\u00e7ada s\u00ed que ser\u00e0 necessari rec\u00f3rrer a t\u00e8cniques quir\u00fargiques per a extirpar el teixit malalt i evitar que continu\u00ef estenent-se.\t\t\t\t\t\t\t\t<\/div>\n\t\t\t\t<\/div>\n\t\t\t\t\t<\/div>\n\t\t<\/div>\n\t\t\t\t\t<\/div>\n\t\t<\/section>\n\t\t\t\t<section class=\"elementor-section elementor-top-section elementor-element elementor-element-38fdb02 elementor-section-full_width general-bloque-text-media-v2 elementor-section-height-default elementor-section-height-default\" data-id=\"38fdb02\" data-element_type=\"section\" data-e-type=\"section\">\n\t\t\t\t\t\t<div class=\"elementor-container elementor-column-gap-default\">\n\t\t\t\t\t<div class=\"elementor-column elementor-col-50 elementor-top-column elementor-element elementor-element-51d9e18 text-col\" data-id=\"51d9e18\" data-element_type=\"column\" data-e-type=\"column\">\n\t\t\t<div class=\"elementor-widget-wrap elementor-element-populated\">\n\t\t\t\t\t\t<div class=\"elementor-element elementor-element-2f14d68 elementor-widget elementor-widget-text-editor\" data-id=\"2f14d68\" data-element_type=\"widget\" data-e-type=\"widget\" data-widget_type=\"text-editor.default\">\n\t\t\t\t<div class=\"elementor-widget-container\">\n\t\t\t\t\t\t\t\t\t<h2>Gingivitis<\/h2>\r\nLa <strong>gingivitis<\/strong> \u00e9s una malaltia de les genives que causa inflamaci\u00f3, enrogiment i irritaci\u00f3 d&#8217;aquestes. No \u00e9s una malaltia tan severa com la periodontitis, per\u00f2 es considera la seva avantsala. Per aix\u00f2, una gingivitis sense tractament pot derivar en infecci\u00f3 periodontal greu.\r\n\r\nEl sagnat despr\u00e9s de raspallar-se o passar-se el fil dental pot ser indicador que s&#8217;estigui comen\u00e7ant a desenvolupar aquesta patologia.\r\n\r\nEl tractament contra la gingivitis \u00e9s senzill. Per aix\u00f2, abans que la malaltia avanci, \u00e9s important acudir al dentista per a tractar-la.\r\n\r\nAix\u00ed mateix, la gingivitis \u00e9s una malaltia que es pot prevenir. Sol apar\u00e8ixer fruit d&#8217;una mala higiene bucal o d&#8217;h\u00e0bits poc saludables. Per aix\u00f2, tornem a insistir en la import\u00e0ncia d&#8217;un bon raspallat i de completar-ho amb fil dental o raspalls interdentals.\t\t\t\t\t\t\t\t<\/div>\n\t\t\t\t<\/div>\n\t\t\t\t\t<\/div>\n\t\t<\/div>\n\t\t\t\t<div class=\"elementor-column elementor-col-50 elementor-top-column elementor-element elementor-element-b68c7b9 img-col\" data-id=\"b68c7b9\" data-element_type=\"column\" data-e-type=\"column\">\n\t\t\t<div class=\"elementor-widget-wrap elementor-element-populated\">\n\t\t\t\t\t\t<div class=\"elementor-element elementor-element-50b3d19 elementor-widget elementor-widget-image\" data-id=\"50b3d19\" data-element_type=\"widget\" data-e-type=\"widget\" data-widget_type=\"image.default\">\n\t\t\t\t<div class=\"elementor-widget-container\">\n\t\t\t\t\t\t\t\t\t\t\t\t\t\t\t<img loading=\"lazy\" decoding=\"async\" width=\"1000\" height=\"667\" src=\"https:\/\/www.belodonte.es\/wp-content\/uploads\/2021\/12\/Gingivitis-barcelona-6-web.jpg\" class=\"attachment-large size-large wp-image-2215\" alt=\"\" srcset=\"https:\/\/www.belodonte.es\/wp-content\/uploads\/2021\/12\/Gingivitis-barcelona-6-web.jpg 1000w, https:\/\/www.belodonte.es\/wp-content\/uploads\/2021\/12\/Gingivitis-barcelona-6-web-300x200.jpg 300w, https:\/\/www.belodonte.es\/wp-content\/uploads\/2021\/12\/Gingivitis-barcelona-6-web-768x512.jpg 768w\" sizes=\"(max-width: 1000px) 100vw, 1000px\" \/>\t\t\t\t\t\t\t\t\t\t\t\t\t\t\t<\/div>\n\t\t\t\t<\/div>\n\t\t\t\t\t<\/div>\n\t\t<\/div>\n\t\t\t\t\t<\/div>\n\t\t<\/section>\n\t\t\t\t<section class=\"elementor-section elementor-top-section elementor-element elementor-element-6880775 doctor-general elementor-section-full_width elementor-section-height-default elementor-section-height-default\" data-id=\"6880775\" data-element_type=\"section\" data-e-type=\"section\">\n\t\t\t\t\t\t<div class=\"elementor-container elementor-column-gap-default\">\n\t\t\t\t\t<div class=\"elementor-column elementor-col-50 elementor-top-column elementor-element elementor-element-d87a9a4 img-col\" data-id=\"d87a9a4\" data-element_type=\"column\" data-e-type=\"column\">\n\t\t\t<div class=\"elementor-widget-wrap elementor-element-populated\">\n\t\t\t\t\t\t<div class=\"elementor-element elementor-element-19aea75 img elementor-widget elementor-widget-image\" data-id=\"19aea75\" data-element_type=\"widget\" data-e-type=\"widget\" data-widget_type=\"image.default\">\n\t\t\t\t<div class=\"elementor-widget-container\">\n\t\t\t\t\t\t\t\t\t\t\t\t\t\t\t<img loading=\"lazy\" decoding=\"async\" width=\"1024\" height=\"681\" src=\"https:\/\/www.belodonte.es\/wp-content\/uploads\/2021\/10\/Box_treballant_1-1024x681.jpg\" class=\"attachment-large size-large wp-image-1893\" alt=\"\" srcset=\"https:\/\/www.belodonte.es\/wp-content\/uploads\/2021\/10\/Box_treballant_1-1024x681.jpg 1024w, https:\/\/www.belodonte.es\/wp-content\/uploads\/2021\/10\/Box_treballant_1-300x200.jpg 300w, https:\/\/www.belodonte.es\/wp-content\/uploads\/2021\/10\/Box_treballant_1-768x511.jpg 768w, https:\/\/www.belodonte.es\/wp-content\/uploads\/2021\/10\/Box_treballant_1-1536x1022.jpg 1536w, https:\/\/www.belodonte.es\/wp-content\/uploads\/2021\/10\/Box_treballant_1-2048x1363.jpg 2048w, https:\/\/www.belodonte.es\/wp-content\/uploads\/2021\/10\/Box_treballant_1.jpg 2001w\" sizes=\"(max-width: 1024px) 100vw, 1024px\" \/>\t\t\t\t\t\t\t\t\t\t\t\t\t\t\t<\/div>\n\t\t\t\t<\/div>\n\t\t\t\t\t<\/div>\n\t\t<\/div>\n\t\t\t\t<div class=\"elementor-column elementor-col-50 elementor-top-column elementor-element elementor-element-7fa3d77 text-col\" data-id=\"7fa3d77\" data-element_type=\"column\" data-e-type=\"column\">\n\t\t\t<div class=\"elementor-widget-wrap elementor-element-populated\">\n\t\t\t\t\t\t<div class=\"elementor-element elementor-element-2e902c9 text elementor-widget elementor-widget-text-editor\" data-id=\"2e902c9\" data-element_type=\"widget\" data-e-type=\"widget\" data-widget_type=\"text-editor.default\">\n\t\t\t\t<div class=\"elementor-widget-container\">\n\t\t\t\t\t\t\t\t\t<h2>Especialistes period\u00f2ncia a Barcelona<\/h2>\r\nEn <strong>Cl\u00ednica Belodonte<\/strong>, com a especialistes en <strong>period\u00f2ncia a Barcelona<\/strong> t&#8217;oferim les millors solucions per al tractament de les malalties gingivals.\r\n\r\nEn la nostra llarga experi\u00e8ncia hem pogut tractar a pacients amb gingivitis i periodontitis en diferents estadis. Aix\u00ed, quan acudeixis a la nostra consulta podrem assessorar-te sobre quin ser\u00e0 la millor mesura terap\u00e8utica en el teu cas.\r\n\r\nSi sofreixes sagnat, enrogiment, sensibilitat o irritaci\u00f3 en les genives no ho deixis passar. Una visita a temps pot salvar les teves dents.\r\n\r\nEls tractaments periodontals funcionen millor i s\u00f3n m\u00e9s senzills en les primeres etapes de la malaltia. Si encara aix\u00ed, en el teu cas ja ha avan\u00e7at la infecci\u00f3 no et preocupis. Com a especialistes en <strong>period\u00f2ncia a Barcelona<\/strong> podem ajudar-te a salvar les teves dents.\r\n\r\nContacta&#8217;ns i vina a veure&#8217;ns en una primera visita. Avaluarem la teva situaci\u00f3 i t&#8217;oferirem la millor alternativa perqu\u00e8 gaudeixis d&#8217;una boca sana.\t\t\t\t\t\t\t\t<\/div>\n\t\t\t\t<\/div>\n\t\t\t\t\t<\/div>\n\t\t<\/div>\n\t\t\t\t\t<\/div>\n\t\t<\/section>\n\t\t\t\t<\/div>\n\t\t","protected":false},"excerpt":{"rendered":"<p>Period\u00f2ncia Barcelona La teva millor opci\u00f3 de period\u00f2ncia a Barcelona la tens a Cl\u00ednica Belodonte. L&#8217;experi\u00e8ncia i professionalitat de tot el nostre equip \u00e9s una garantia de qualitat i seguretat per a la teva salut bucodental. Davant un problema de [&hellip;]<\/p>\n","protected":false},"author":2,"featured_media":0,"parent":0,"menu_order":0,"comment_status":"closed","ping_status":"closed","template":"","meta":{"site-sidebar-layout":"no-sidebar","site-content-layout":"page-builder","ast-site-content-layout":"full-width-container","site-content-style":"unboxed","site-sidebar-style":"unboxed","ast-global-header-display":"","ast-banner-title-visibility":"","ast-main-header-display":"","ast-hfb-above-header-display":"","ast-hfb-below-header-display":"","ast-hfb-mobile-header-display":"","site-post-title":"disabled","ast-breadcrumbs-content":"","ast-featured-img":"disabled","footer-sml-layout":"","ast-disable-related-posts":"","theme-transparent-header-meta":"default","adv-header-id-meta":"","stick-header-meta":"","header-above-stick-meta":"","header-main-stick-meta":"","header-below-stick-meta":"","astra-migrate-meta-layouts":"set","ast-page-background-enabled":"default","ast-page-background-meta":{"desktop":{"background-color":"","background-image":"","background-repeat":"repeat","background-position":"center center","background-size":"auto","background-attachment":"scroll","background-type":"","background-media":"","overlay-type":"","overlay-color":"","overlay-opacity":"","overlay-gradient":""},"tablet":{"background-color":"","background-image":"","background-repeat":"repeat","background-position":"center center","background-size":"auto","background-attachment":"scroll","background-type":"","background-media":"","overlay-type":"","overlay-color":"","overlay-opacity":"","overlay-gradient":""},"mobile":{"background-color":"","background-image":"","background-repeat":"repeat","background-position":"center center","background-size":"auto","background-attachment":"scroll","background-type":"","background-media":"","overlay-type":"","overlay-color":"","overlay-opacity":"","overlay-gradient":""}},"ast-content-background-meta":{"desktop":{"background-color":"var(--ast-global-color-5)","background-image":"","background-repeat":"repeat","background-position":"center center","background-size":"auto","background-attachment":"scroll","background-type":"","background-media":"","overlay-type":"","overlay-color":"","overlay-opacity":"","overlay-gradient":""},"tablet":{"background-color":"var(--ast-global-color-5)","background-image":"","background-repeat":"repeat","background-position":"center center","background-size":"auto","background-attachment":"scroll","background-type":"","background-media":"","overlay-type":"","overlay-color":"","overlay-opacity":"","overlay-gradient":""},"mobile":{"background-color":"var(--ast-global-color-5)","background-image":"","background-repeat":"repeat","background-position":"center center","background-size":"auto","background-attachment":"scroll","background-type":"","background-media":"","overlay-type":"","overlay-color":"","overlay-opacity":"","overlay-gradient":""}},"footnotes":""},"class_list":["post-1991","page","type-page","status-publish","hentry"],"yoast_head":"<!-- This site is optimized with the Yoast SEO plugin v27.4 - https:\/\/yoast.com\/product\/yoast-seo-wordpress\/ -->\n<title>Period\u00f2ncia Barcelona - Cl\u00ednica Belodonte<\/title>\n<meta name=\"description\" content=\"La teva millor opci\u00f3 de periodoncia a Barcelona \u00e9s Cl\u00ednica Belodonte. Experi\u00e8ncia, professionalitat i un equip \u00e9s una garantia de qualitat.\" \/>\n<meta name=\"robots\" content=\"index, follow, max-snippet:-1, max-image-preview:large, max-video-preview:-1\" \/>\n<link rel=\"canonical\" href=\"https:\/\/www.belodonte.es\/ca\/periodoncia\/\" \/>\n<meta property=\"og:locale\" content=\"ca_ES\" \/>\n<meta property=\"og:type\" content=\"article\" \/>\n<meta property=\"og:title\" content=\"Period\u00f2ncia Barcelona - Cl\u00ednica Belodonte\" \/>\n<meta property=\"og:description\" content=\"La teva millor opci\u00f3 de periodoncia a Barcelona \u00e9s Cl\u00ednica Belodonte. Experi\u00e8ncia, professionalitat i un equip \u00e9s una garantia de qualitat.\" \/>\n<meta property=\"og:url\" content=\"https:\/\/www.belodonte.es\/ca\/periodoncia\/\" \/>\n<meta property=\"og:site_name\" content=\"Cl\u00ednica Belodonte\" \/>\n<meta property=\"article:modified_time\" content=\"2024-01-23T14:35:36+00:00\" \/>\n<meta property=\"og:image\" content=\"https:\/\/www.belodonte.es\/wp-content\/uploads\/2021\/12\/Periodoncia-Barcelona-1-web-1024x683.jpg\" \/>\n<meta name=\"twitter:card\" content=\"summary_large_image\" \/>\n<meta name=\"twitter:label1\" content=\"Est. reading time\" \/>\n\t<meta name=\"twitter:data1\" content=\"6 minutes\" \/>\n<script type=\"application\/ld+json\" class=\"yoast-schema-graph\">{\"@context\":\"https:\\\/\\\/schema.org\",\"@graph\":[{\"@type\":\"WebPage\",\"@id\":\"https:\\\/\\\/www.belodonte.es\\\/ca\\\/periodoncia\\\/\",\"url\":\"https:\\\/\\\/www.belodonte.es\\\/ca\\\/periodoncia\\\/\",\"name\":\"Period\u00f2ncia Barcelona - Cl\u00ednica Belodonte\",\"isPartOf\":{\"@id\":\"https:\\\/\\\/www.belodonte.es\\\/#website\"},\"primaryImageOfPage\":{\"@id\":\"https:\\\/\\\/www.belodonte.es\\\/ca\\\/periodoncia\\\/#primaryimage\"},\"image\":{\"@id\":\"https:\\\/\\\/www.belodonte.es\\\/ca\\\/periodoncia\\\/#primaryimage\"},\"thumbnailUrl\":\"https:\\\/\\\/www.belodonte.es\\\/wp-content\\\/uploads\\\/2021\\\/12\\\/Periodoncia-Barcelona-1-web-1024x683.jpg\",\"datePublished\":\"2021-12-07T15:07:07+00:00\",\"dateModified\":\"2024-01-23T14:35:36+00:00\",\"description\":\"La teva millor opci\u00f3 de periodoncia a Barcelona \u00e9s Cl\u00ednica Belodonte. Experi\u00e8ncia, professionalitat i un equip \u00e9s una garantia de qualitat.\",\"breadcrumb\":{\"@id\":\"https:\\\/\\\/www.belodonte.es\\\/ca\\\/periodoncia\\\/#breadcrumb\"},\"inLanguage\":\"ca\",\"potentialAction\":[{\"@type\":\"ReadAction\",\"target\":[\"https:\\\/\\\/www.belodonte.es\\\/ca\\\/periodoncia\\\/\"]}]},{\"@type\":\"ImageObject\",\"inLanguage\":\"ca\",\"@id\":\"https:\\\/\\\/www.belodonte.es\\\/ca\\\/periodoncia\\\/#primaryimage\",\"url\":\"https:\\\/\\\/www.belodonte.es\\\/wp-content\\\/uploads\\\/2021\\\/12\\\/Periodoncia-Barcelona-1-web-1024x683.jpg\",\"contentUrl\":\"https:\\\/\\\/www.belodonte.es\\\/wp-content\\\/uploads\\\/2021\\\/12\\\/Periodoncia-Barcelona-1-web-1024x683.jpg\"},{\"@type\":\"BreadcrumbList\",\"@id\":\"https:\\\/\\\/www.belodonte.es\\\/ca\\\/periodoncia\\\/#breadcrumb\",\"itemListElement\":[{\"@type\":\"ListItem\",\"position\":1,\"name\":\"Portada\",\"item\":\"https:\\\/\\\/www.belodonte.es\\\/\"},{\"@type\":\"ListItem\",\"position\":2,\"name\":\"Period\u00f2ncia Barcelona\"}]},{\"@type\":\"WebSite\",\"@id\":\"https:\\\/\\\/www.belodonte.es\\\/#website\",\"url\":\"https:\\\/\\\/www.belodonte.es\\\/\",\"name\":\"Cl\u00ednica Belodonte\",\"description\":\"Cl\u00ednica dental en Barcelona\",\"publisher\":{\"@id\":\"https:\\\/\\\/www.belodonte.es\\\/#organization\"},\"potentialAction\":[{\"@type\":\"SearchAction\",\"target\":{\"@type\":\"EntryPoint\",\"urlTemplate\":\"https:\\\/\\\/www.belodonte.es\\\/?s={search_term_string}\"},\"query-input\":{\"@type\":\"PropertyValueSpecification\",\"valueRequired\":true,\"valueName\":\"search_term_string\"}}],\"inLanguage\":\"ca\"},{\"@type\":\"Organization\",\"@id\":\"https:\\\/\\\/www.belodonte.es\\\/#organization\",\"name\":\"Cl\u00ednica Dental Belodonte\",\"url\":\"https:\\\/\\\/www.belodonte.es\\\/\",\"logo\":{\"@type\":\"ImageObject\",\"inLanguage\":\"ca\",\"@id\":\"https:\\\/\\\/www.belodonte.es\\\/#\\\/schema\\\/logo\\\/image\\\/\",\"url\":\"https:\\\/\\\/www.belodonte.es\\\/wp-content\\\/uploads\\\/2021\\\/10\\\/favicon-clinica-belodonte.png\",\"contentUrl\":\"https:\\\/\\\/www.belodonte.es\\\/wp-content\\\/uploads\\\/2021\\\/10\\\/favicon-clinica-belodonte.png\",\"width\":512,\"height\":512,\"caption\":\"Cl\u00ednica Dental Belodonte\"},\"image\":{\"@id\":\"https:\\\/\\\/www.belodonte.es\\\/#\\\/schema\\\/logo\\\/image\\\/\"}}]}<\/script>\n<!-- \/ Yoast SEO plugin. -->","yoast_head_json":{"title":"Period\u00f2ncia Barcelona - Cl\u00ednica Belodonte","description":"La teva millor opci\u00f3 de periodoncia a Barcelona \u00e9s Cl\u00ednica Belodonte. Experi\u00e8ncia, professionalitat i un equip \u00e9s una garantia de qualitat.","robots":{"index":"index","follow":"follow","max-snippet":"max-snippet:-1","max-image-preview":"max-image-preview:large","max-video-preview":"max-video-preview:-1"},"canonical":"https:\/\/www.belodonte.es\/ca\/periodoncia\/","og_locale":"ca_ES","og_type":"article","og_title":"Period\u00f2ncia Barcelona - Cl\u00ednica Belodonte","og_description":"La teva millor opci\u00f3 de periodoncia a Barcelona \u00e9s Cl\u00ednica Belodonte. Experi\u00e8ncia, professionalitat i un equip \u00e9s una garantia de qualitat.","og_url":"https:\/\/www.belodonte.es\/ca\/periodoncia\/","og_site_name":"Cl\u00ednica Belodonte","article_modified_time":"2024-01-23T14:35:36+00:00","og_image":[{"url":"https:\/\/www.belodonte.es\/wp-content\/uploads\/2021\/12\/Periodoncia-Barcelona-1-web-1024x683.jpg","type":"","width":"","height":""}],"twitter_card":"summary_large_image","twitter_misc":{"Est. reading time":"6 minutes"},"schema":{"@context":"https:\/\/schema.org","@graph":[{"@type":"WebPage","@id":"https:\/\/www.belodonte.es\/ca\/periodoncia\/","url":"https:\/\/www.belodonte.es\/ca\/periodoncia\/","name":"Period\u00f2ncia Barcelona - Cl\u00ednica Belodonte","isPartOf":{"@id":"https:\/\/www.belodonte.es\/#website"},"primaryImageOfPage":{"@id":"https:\/\/www.belodonte.es\/ca\/periodoncia\/#primaryimage"},"image":{"@id":"https:\/\/www.belodonte.es\/ca\/periodoncia\/#primaryimage"},"thumbnailUrl":"https:\/\/www.belodonte.es\/wp-content\/uploads\/2021\/12\/Periodoncia-Barcelona-1-web-1024x683.jpg","datePublished":"2021-12-07T15:07:07+00:00","dateModified":"2024-01-23T14:35:36+00:00","description":"La teva millor opci\u00f3 de periodoncia a Barcelona \u00e9s Cl\u00ednica Belodonte. Experi\u00e8ncia, professionalitat i un equip \u00e9s una garantia de qualitat.","breadcrumb":{"@id":"https:\/\/www.belodonte.es\/ca\/periodoncia\/#breadcrumb"},"inLanguage":"ca","potentialAction":[{"@type":"ReadAction","target":["https:\/\/www.belodonte.es\/ca\/periodoncia\/"]}]},{"@type":"ImageObject","inLanguage":"ca","@id":"https:\/\/www.belodonte.es\/ca\/periodoncia\/#primaryimage","url":"https:\/\/www.belodonte.es\/wp-content\/uploads\/2021\/12\/Periodoncia-Barcelona-1-web-1024x683.jpg","contentUrl":"https:\/\/www.belodonte.es\/wp-content\/uploads\/2021\/12\/Periodoncia-Barcelona-1-web-1024x683.jpg"},{"@type":"BreadcrumbList","@id":"https:\/\/www.belodonte.es\/ca\/periodoncia\/#breadcrumb","itemListElement":[{"@type":"ListItem","position":1,"name":"Portada","item":"https:\/\/www.belodonte.es\/"},{"@type":"ListItem","position":2,"name":"Period\u00f2ncia Barcelona"}]},{"@type":"WebSite","@id":"https:\/\/www.belodonte.es\/#website","url":"https:\/\/www.belodonte.es\/","name":"Cl\u00ednica Belodonte","description":"Cl\u00ednica dental en Barcelona","publisher":{"@id":"https:\/\/www.belodonte.es\/#organization"},"potentialAction":[{"@type":"SearchAction","target":{"@type":"EntryPoint","urlTemplate":"https:\/\/www.belodonte.es\/?s={search_term_string}"},"query-input":{"@type":"PropertyValueSpecification","valueRequired":true,"valueName":"search_term_string"}}],"inLanguage":"ca"},{"@type":"Organization","@id":"https:\/\/www.belodonte.es\/#organization","name":"Cl\u00ednica Dental Belodonte","url":"https:\/\/www.belodonte.es\/","logo":{"@type":"ImageObject","inLanguage":"ca","@id":"https:\/\/www.belodonte.es\/#\/schema\/logo\/image\/","url":"https:\/\/www.belodonte.es\/wp-content\/uploads\/2021\/10\/favicon-clinica-belodonte.png","contentUrl":"https:\/\/www.belodonte.es\/wp-content\/uploads\/2021\/10\/favicon-clinica-belodonte.png","width":512,"height":512,"caption":"Cl\u00ednica Dental Belodonte"},"image":{"@id":"https:\/\/www.belodonte.es\/#\/schema\/logo\/image\/"}}]}},"_links":{"self":[{"href":"https:\/\/www.belodonte.es\/ca\/wp-json\/wp\/v2\/pages\/1991","targetHints":{"allow":["GET"]}}],"collection":[{"href":"https:\/\/www.belodonte.es\/ca\/wp-json\/wp\/v2\/pages"}],"about":[{"href":"https:\/\/www.belodonte.es\/ca\/wp-json\/wp\/v2\/types\/page"}],"author":[{"embeddable":true,"href":"https:\/\/www.belodonte.es\/ca\/wp-json\/wp\/v2\/users\/2"}],"replies":[{"embeddable":true,"href":"https:\/\/www.belodonte.es\/ca\/wp-json\/wp\/v2\/comments?post=1991"}],"version-history":[{"count":7,"href":"https:\/\/www.belodonte.es\/ca\/wp-json\/wp\/v2\/pages\/1991\/revisions"}],"predecessor-version":[{"id":4991,"href":"https:\/\/www.belodonte.es\/ca\/wp-json\/wp\/v2\/pages\/1991\/revisions\/4991"}],"wp:attachment":[{"href":"https:\/\/www.belodonte.es\/ca\/wp-json\/wp\/v2\/media?parent=1991"}],"curies":[{"name":"wp","href":"https:\/\/api.w.org\/{rel}","templated":true}]}}